{"id":113,"date":"2018-10-12T09:23:56","date_gmt":"2018-10-12T09:23:56","guid":{"rendered":"http:\/\/www.kinderschloss-st-martin.de\/?page_id=113"},"modified":"2020-04-21T17:51:51","modified_gmt":"2020-04-21T17:51:51","slug":"wiederkehrende-projekte","status":"publish","type":"page","link":"https:\/\/www.kinderschloss-st-martin.de\/?page_id=113","title":{"rendered":"wiederkehrende Projekte"},"content":{"rendered":"<h1 style=\"text-align: center;\"><span style=\"text-decoration: underline;\"><span style=\"color: #0000ff; font-family: comic sans ms, sans-serif; text-decoration: underline;\">&#8222;Ideen der Kinder sind uns wichtig&#8230;&#8220;<\/span><\/span><\/h1>\n<p><span style=\"font-family: georgia, palatino, serif; color: #0000ff;\">und diese dann mit p\u00e4dagogischen Grunds\u00e4tzen zu verkn\u00fcpfen ist unsere Aufgabe!<\/span><\/p>\n<p><span style=\"font-family: georgia, palatino, serif; color: #0000ff;\">Wir machen verschiedene Projekte und einige, die im Jahreskreis einen festen Platz einnehmen! Dazu geh\u00f6ren:<\/span><\/p>\n<ul>\n<li><span style=\"font-family: georgia, palatino, serif; color: #0000ff;\">religi\u00f6se Feste vorbereiten, erleben und gemeinsam feiern<\/span><\/li>\n<li><span style=\"font-family: georgia, palatino, serif; color: #0000ff;\">gesunde Ern\u00e4hrung &#8211; Gesundheitswochen<\/span><\/li>\n<li><span style=\"font-family: georgia, palatino, serif; color: #0000ff;\">W\u00fcrzburger Sprachprogramm f\u00fcr Vorschulkinder, &#8222;h\u00f6ren, lauschen, lernen&#8220; (Spiele zur Schulung der phonologischen Bewusstheit)<\/span><\/li>\n<li><span style=\"font-family: georgia, palatino, serif; color: #0000ff;\">Fasching<\/span><\/li>\n<li><span style=\"font-family: georgia, palatino, serif; color: #0000ff;\">Waldwochen<\/span><\/li>\n<\/ul>\n<p><img decoding=\"async\" loading=\"lazy\" class=\"aligncenter size-medium wp-image-260\" src=\"http:\/\/www.kinderschloss-st-martin.de\/wp-content\/uploads\/2019\/02\/IMG_4748-300x225.jpg\" alt=\"\" width=\"300\" height=\"225\" srcset=\"https:\/\/www.kinderschloss-st-martin.de\/wp-content\/uploads\/2019\/02\/IMG_4748-300x225.jpg 300w, https:\/\/www.kinderschloss-st-martin.de\/wp-content\/uploads\/2019\/02\/IMG_4748-768x576.jpg 768w, https:\/\/www.kinderschloss-st-martin.de\/wp-content\/uploads\/2019\/02\/IMG_4748.jpg 980w\" sizes=\"(max-width: 300px) 100vw, 300px\" \/><\/p>\n","protected":false},"excerpt":{"rendered":"<p>&#8222;Ideen der Kinder sind uns wichtig&#8230;&#8220; und diese dann mit p\u00e4dagogischen Grunds\u00e4tzen zu verkn\u00fcpfen ist unsere Aufgabe! Wir machen verschiedene Projekte und einige, die im Jahreskreis einen festen Platz einnehmen! Dazu geh\u00f6ren: religi\u00f6se Feste vorbereiten, erleben und gemeinsam feiern gesunde Ern\u00e4hrung &#8211; Gesundheitswochen W\u00fcrzburger Sprachprogramm f\u00fcr Vorschulkinder, &#8222;h\u00f6ren, lauschen, lernen&#8220; (Spiele zur Schulung der phonologischen [&hellip;]<\/p>\n","protected":false},"author":1,"featured_media":0,"parent":27,"menu_order":6,"comment_status":"closed","ping_status":"closed","template":"","meta":[],"_links":{"self":[{"href":"https:\/\/www.kinderschloss-st-martin.de\/index.php?rest_route=\/wp\/v2\/pages\/113"}],"collection":[{"href":"https:\/\/www.kinderschloss-st-martin.de\/index.php?rest_route=\/wp\/v2\/pages"}],"about":[{"href":"https:\/\/www.kinderschloss-st-martin.de\/index.php?rest_route=\/wp\/v2\/types\/page"}],"author":[{"embeddable":true,"href":"https:\/\/www.kinderschloss-st-martin.de\/index.php?rest_route=\/wp\/v2\/users\/1"}],"replies":[{"embeddable":true,"href":"https:\/\/www.kinderschloss-st-martin.de\/index.php?rest_route=%2Fwp%2Fv2%2Fcomments&post=113"}],"version-history":[{"count":10,"href":"https:\/\/www.kinderschloss-st-martin.de\/index.php?rest_route=\/wp\/v2\/pages\/113\/revisions"}],"predecessor-version":[{"id":407,"href":"https:\/\/www.kinderschloss-st-martin.de\/index.php?rest_route=\/wp\/v2\/pages\/113\/revisions\/407"}],"up":[{"embeddable":true,"href":"https:\/\/www.kinderschloss-st-martin.de\/index.php?rest_route=\/wp\/v2\/pages\/27"}],"wp:attachment":[{"href":"https:\/\/www.kinderschloss-st-martin.de\/index.php?rest_route=%2Fwp%2Fv2%2Fmedia&parent=113"}],"curies":[{"name":"wp","href":"https:\/\/api.w.org\/{rel}","templated":true}]}}